{"id":32197,"date":"2020-05-05T09:52:32","date_gmt":"2020-05-05T09:52:32","guid":{"rendered":"https:\/\/ac.cfi.fr\/2020\/?page_id=32197"},"modified":"2020-08-21T16:51:52","modified_gmt":"2020-08-21T16:51:52","slug":"politique-de-confidentialite","status":"publish","type":"page","link":"https:\/\/dev6.ac.cfi.fr\/fr\/politique-de-confidentialite\/","title":{"rendered":"Politique de confidentialit\u00e9"},"content":{"rendered":"<h3><b>Politique de protection des donn\u00e9es \u00e0 caract\u00e8re personnel<\/b><\/h3>\n<p>CFI s\u2019engage, dans le cadre de ses activit\u00e9s et conform\u00e9ment \u00e0 la r\u00e9glementation applicable en France et en Europe, et notamment au R\u00e8glement Europ\u00e9en sur la Protection des Donn\u00e9es \u00e0 caract\u00e8re personnel, \u00e0 assurer la protection, la confidentialit\u00e9 et la s\u00e9curit\u00e9 des donn\u00e9es \u00e0 caract\u00e8re personnel de ses utilisateurs, clients, prospects et fournisseurs, ainsi qu\u2019\u00e0 respecter leur vie priv\u00e9e.<\/p>\n<p>La Politique de protection des donn\u00e9es personnelles s&#8217;applique aux collectes et traitements de donn\u00e9es effectu\u00e9s sur les sites Web de CFI (les &#8216;Sites&#8217;) ainsi qu&#8217;\u00e0 l&#8217;utilisation de nos services ou contenus en ligne.<\/p>\n<p>Nos Sites ne s&#8217;adressent pas aux mineurs, sauf autorisation de leurs repr\u00e9sentants l\u00e9gaux.<\/p>\n<p>La Politique sur la protection des donn\u00e9es personnelles peut donner lieu \u00e0 des modifications. Il est pr\u00e9cis\u00e9 que CFI peut \u00e0 tout moment faire \u00e9voluer la Politique sur la protection des donn\u00e9es personnelles notamment pour s\u2019adapter \u00e0 la l\u00e9gislation en vigueur. Ces modifications sont port\u00e9es \u00e0 la connaissance des Utilisateurs du simple fait de leur mise en ligne. Nous vous recommandons de prendre r\u00e9guli\u00e8rement connaissance de la version actuelle disponible.<\/p>\n<p>La Politique de protection des donn\u00e9es \u00e0 caract\u00e8re personnel fixe les principes et les modalit\u00e9s de traitement des donn\u00e9es.<\/p>\n<h3><b>Les Principes de protection des donn\u00e9es et du respect de la vie priv\u00e9e<\/b><\/h3>\n<h4><b>1. La collecte loyale des donn\u00e9es \u00e0 caract\u00e8re personnel de ses clients, prospects et internautes<\/b><\/h4>\n<p>Les donn\u00e9es sont collect\u00e9es de mani\u00e8re loyale et transparente. CFI s\u2019interdit de collecter des donn\u00e9es personnelles sans en avoir pr\u00e9alablement inform\u00e9 les personnes concern\u00e9es, y compris sur l\u2019usage qui est fait de leurs donn\u00e9es.<\/p>\n<p>CFI collecte ces donn\u00e9es afin de\u00a0:<\/p>\n<ul>\n<li>Fournir les services demand\u00e9s par ses internautes et candidats,<\/li>\n<li>R\u00e9pondre \u00e0 des besoins de gestion de ses internautes et de ses candidats<\/li>\n<li>Traiter les candidatures soumises lors de la publication d\u2019appels \u00e0 candidatures.<\/li>\n<\/ul>\n<p>CFI informe les internautes du d\u00e9p\u00f4t de cookies et autres traceurs sur les sites qu\u2019elle \u00e9dite, de leurs finalit\u00e9s, de la base l\u00e9gale et de la possibilit\u00e9 de s\u2019y opposer.<\/p>\n<h4><b>2. L\u2019utilisation des donn\u00e9es \u00e0 caract\u00e8re personnel de ses candidats, prospects et internautes<\/b><\/h4>\n<p>CFI utilise les donn\u00e9es des personnes physiques et morales \u00e0 des fins d\u2019authentification, de traitement de candidatures et de proposition de projets adapt\u00e9es aux besoins des candidats de ses formations, prospects et internautes. A cette fin, CFI est susceptible de proc\u00e9der \u00e0 des \u00e9tudes statistiques \u00e0 partir de ces donn\u00e9es.<\/p>\n<p>CFI respecte le cadre l\u00e9gal en vigueur concernant la protection des donn\u00e9es \u00e0 caract\u00e8re personnel et les conditions de s\u00e9curit\u00e9 et de confidentialit\u00e9. CFI ne communique les donn\u00e9es \u00e0 caract\u00e8re personnel qu\u2019\u00e0 ses prestataires habilit\u00e9s et s\u2019assure qu\u2019ils respectent des conditions strictes de confidentialit\u00e9, d\u2019usage et de protection de ces donn\u00e9es.<\/p>\n<p>CFI s\u2019interdit de communiquer \u00e0 des partenaires commerciaux les donn\u00e9es \u00e0 caract\u00e8re personnel sans avoir inform\u00e9 les candidats de ses formations, prospects et internautes, et sans leur avoir offert la possibilit\u00e9 d\u2019exercer leur droit d\u2019opposition.<\/p>\n<h4><b>3. Les mesures n\u00e9cessaires pour assurer la s\u00e9curit\u00e9 des donn\u00e9es \u00e0 caract\u00e8re personnel de ses clients, prospects et internautes<\/b><\/h4>\n<p>CFI assure la protection des donn\u00e9es personnelles qui lui sont confi\u00e9es, et ce d\u00e8s la conception et tout au long du cycle de vie des services et des sites.<\/p>\n<p>Elle met en \u0153uvre des mesures de s\u00e9curit\u00e9 adapt\u00e9es au degr\u00e9 de sensibilit\u00e9 des donn\u00e9es pour prot\u00e9ger les donn\u00e9es \u00e0 caract\u00e8re personnel contre toute intrusion malveillante, toute perte, alt\u00e9ration ou divulgation \u00e0 des tiers non autoris\u00e9s.<\/p>\n<ul>\n<li>Le syst\u00e8me d\u2019information, les serveurs et les r\u00e9seaux qu\u2019elle utilise pour traiter et stocker les donn\u00e9es personnelles sont dot\u00e9s de syst\u00e8mes de s\u00e9curit\u00e9 et de protection (chiffrement des donn\u00e9es, pare-feu, redondance, sauvegarde, etc.).<\/li>\n<li>Elle garantit la s\u00e9curit\u00e9 des informations \u00e9chang\u00e9es.<\/li>\n<li>Elle d\u00e9livre des autorisations d\u2019acc\u00e8s \u00e0 son syst\u00e8me d\u2019information aux seules personnes qui en ont besoin pour exercer leur fonction.<\/li>\n<li>Elle sensibilise ses collaborateurs \u00e0 la protection des donn\u00e9es personnelles mises \u00e0 leur disposition dans le cadre de leurs fonctions et s\u2019assure qu\u2019ils respectent les r\u00e8gles en vigueur et la d\u00e9ontologie de l\u2019entreprise.<\/li>\n<li>Elle impose \u00e0 ses prestataires de se conformer \u00e0 ces m\u00eames principes de protection.<\/li>\n<\/ul>\n<h3><b>La protection des donn\u00e9es chez CFI<\/b><\/h3>\n<h4><b>1. Quelles donn\u00e9es sont collect\u00e9es et comment\u00a0?<\/b><\/h4>\n<p>En navigant sur nos Sites ou en participant aux appels \u00e0 candidatures, CFI ou ses partenaires peuvent collecter des donn\u00e9es sous r\u00e9serve de votre consentement pr\u00e9alable.<\/p>\n<p>Certaines donn\u00e9es nous sont communiqu\u00e9es directement par vous telles que vos noms, pr\u00e9noms, adresse m\u00e9l, mot de passe, num\u00e9ro de t\u00e9l\u00e9phone, r\u00e9clamations ou les opinions dont vous pourriez nous faire part.<\/p>\n<p>Ces informations sont communiqu\u00e9es lorsque :<\/p>\n<ul>\n<li>Vous cr\u00e9ez un compte la plateforme d\u2019appels \u00e0 candidatures (FR, EN, AR).<\/li>\n<li>Vous participez \u00e0 un appel \u00e0 candidatures,<\/li>\n<li>Vous nous contactez et compl\u00e9tez un formulaire,<\/li>\n<li>Vous vous abonnez \u00e0 une de nos lettres d\u2019information<\/li>\n<\/ul>\n<p>Certaines donn\u00e9es, sous r\u00e9serve de votre consentement pr\u00e9alable, peuvent \u00eatre collect\u00e9es automatiquement du fait de vos actions sur les Sites et applications au moyen de cookies ou de technologies similaires telles que l\u2019adresse IP, les donn\u00e9es de connexion et de navigation, vos pr\u00e9f\u00e9rences et centres d\u2019int\u00e9r\u00eats, la localisation g\u00e9ographique g\u00e9n\u00e9rale.<\/p>\n<p>Ces informations sont communiqu\u00e9es \u00e0 chaque fois que\u00a0vous naviguez sur nos Sites.<\/p>\n<h4><b>2. Quelles sont les finalit\u00e9s des donn\u00e9es collect\u00e9es sur vous\u00a0?<\/b><\/h4>\n<p>Nous utilisons les donn\u00e9es collect\u00e9es pour\u00a0:<\/p>\n<ul>\n<li>Fournir des contenus et services dont\u00a0:\n<ul>\n<li>Vous reconnaitre lorsque vous retournez naviguer sur nos Sites\u00a0;<\/li>\n<li>G\u00e9rer vos comptes Utilisateurs et vous informez des mises \u00e0 jour concernant vos comptes, et les services\u00a0que vous utilisez;<\/li>\n<li>R\u00e9pondre \u00e0 vos demandes exprim\u00e9es sur nos Sites notamment par le biais de formulaires\u00a0;<\/li>\n<li>Vous proposer des contenus personnalis\u00e9s en fonction de votre situation g\u00e9ographie g\u00e9n\u00e9rale (pays)\u00a0;<\/li>\n<li>Personnaliser l\u2019affichage de contenus et de Services<\/li>\n<li>Vous adresser de lettres d\u2019informations et des push notifications, alertes infos<\/li>\n<\/ul>\n<\/li>\n<li>S\u00e9lectionner les b\u00e9n\u00e9ficiaires de nos programmes de formation et d\u2019accompagnement<\/li>\n<li>Faire de la promotion de nos contenus et services, et ceux de nos partenaires, dont\u00a0:\n<ul>\n<li>Proposer des contenus adapt\u00e9s \u00e0 vos centres d\u2019int\u00e9r\u00eats et faire de la promotion cibl\u00e9e\u00a0;<\/li>\n<li>Adresser des communications et analyser leur efficacit\u00e9 ;<\/li>\n<\/ul>\n<\/li>\n<li>R\u00e9aliser des \u00e9tudes et analyses sur nos contenus et services pour\u00a0:\n<ul>\n<li>Mieux comprendre les utilisateurs de nos Sites ;<\/li>\n<li>Effectuer des analyses de donn\u00e9es et des \u00e9tudes statistiques pour faire \u00e9voluer et am\u00e9liorer nos Sites;<\/li>\n<\/ul>\n<\/li>\n<li>Pour assurer la s\u00e9curit\u00e9 de vos donn\u00e9es.<\/li>\n<\/ul>\n<h4><b>3. Quelles sont les destinataires des donn\u00e9es collect\u00e9es\u00a0?<\/b><\/h4>\n<p>Les donn\u00e9es collect\u00e9es sur les Sites sont destin\u00e9es \u00e0 CFI.<\/p>\n<p>Elles peuvent \u00eatre transmises ou accessibles par les prestataires de services de CFI dans le cadre de l\u2019ex\u00e9cution des services\u00a0de traitement et d\u2019analyse de donn\u00e9es, de prestations informatiques.<\/p>\n<p>CFI exige de ses prestataires de services qu\u2019ils utilisent vos donn\u00e9es personnelles uniquement pour g\u00e9rer les services qui leur sont confi\u00e9s, dans le respect de la r\u00e9glementation applicable en mati\u00e8re de protection de donn\u00e9es personnelles et de confidentialit\u00e9 de ces donn\u00e9es.<\/p>\n<p>CFI vous informe qu\u2019elle a conclu des accords avec des partenaires qui sont susceptibles de collecter des donn\u00e9es vous concernant. CFI n\u2019a aucune visibilit\u00e9 sur ces donn\u00e9es. Nous vous invitons \u00e0 consulter la liste de nos principaux partenaires dans la politique relative aux cookies\u00a0:\u00a0Gestion des cookies.<\/p>\n<h4><b>4. O\u00f9 sont stock\u00e9es vos donn\u00e9es personnelles\u00a0?<\/b><\/h4>\n<p>Vos donn\u00e9es personnelles sont stock\u00e9es au sein de l\u2019Union europ\u00e9enne, soit dans nos bases de donn\u00e9es soit dans celles de nos prestataires de services.<\/p>\n<h4><b>5. Transfert de donn\u00e9es hors UE<\/b><\/h4>\n<p>En raison notamment de la dimension internationale de CFI, certains de nos partenaires sont situ\u00e9s en dehors de l&#8217;Union europ\u00e9enne. Les donn\u00e9es ainsi collect\u00e9es peuvent faire l&#8217;objet d&#8217;un transfert vers des pays non-membres de l&#8217;Union europ\u00e9enne, dont la l\u00e9gislation en mati\u00e8re de protection des donn\u00e9es personnelles diff\u00e8re de celles de l&#8217;Union europ\u00e9enne.<\/p>\n<p>Dans ce cas, CFI met en \u0153uvre les moyens permettant d&#8217;assurer la s\u00e9curit\u00e9 et la confidentialit\u00e9 de ces donn\u00e9es et veille \u00e0 ce que ce transfert respecte le cadre l\u00e9gal : transfert vers un pays assurant un niveau de protection suffisant, signature de clauses contractuelles \u00e9mises par la Commission Europ\u00e9enne ou tous autres moyens r\u00e8glementaires ou contractuels permettant de garantir un niveau de protection suffisant.<\/p>\n<p>CFI exige de mani\u00e8re stricte de ses partenaires qu&#8217;ils utilisent vos donn\u00e9es personnelles uniquement pour g\u00e9rer ou fournir les services demand\u00e9s et demande \u00e9galement \u00e0 ses partenaires de toujours agir en conformit\u00e9 avec les lois applicables en mati\u00e8re de protection de donn\u00e9es personnelles et d&#8217;accorder une attention particuli\u00e8re \u00e0 la confidentialit\u00e9 de ces donn\u00e9es.<\/p>\n<h4><b>6. Comment et combien de temps sont conserv\u00e9es vos donn\u00e9es\u00a0?<\/b><\/h4>\n<p>CFI met en \u0153uvre tous les moyens administratifs, techniques et physiques pour assurer la protection des donn\u00e9es personnelles.<\/p>\n<p>Les donn\u00e9es personnelles sont conserv\u00e9es pour toute la dur\u00e9e n\u00e9cessaire aux finalit\u00e9s des traitements pour lesquelles elles ont \u00e9t\u00e9 collect\u00e9es \u00e0 l\u2019exception des cas o\u00f9 la conservation pour une dur\u00e9e sup\u00e9rieure r\u00e9sulte de la loi, de la r\u00e8glementation ou aux fins de proc\u00e8s.<\/p>\n<p>Exemples\u00a0:<\/p>\n<table border=\"1\" width=\"624\" cellspacing=\"0\" cellpadding=\"0\">\n<tbody>\n<tr>\n<td width=\"170\"><b>Finalit\u00e9(s)<\/b><\/td>\n<td width=\"283\"><b>Donn\u00e9es<\/b><\/td>\n<td width=\"170\"><b>Dur\u00e9e de conservation<\/b><\/td>\n<\/tr>\n<tr>\n<td width=\"170\">Contacts<\/td>\n<td width=\"283\">Nom, pr\u00e9nom, soci\u00e9t\u00e9, adresse m\u00e8l, message<\/td>\n<td width=\"170\">36 mois \u00e0 compter du dernier \u00e9change<\/td>\n<\/tr>\n<tr>\n<td width=\"170\">Signaler un probl\u00e8me, faire une remarque ou une suggestion sur le Site<\/td>\n<td width=\"283\">Nom, pr\u00e9nom, adresse m\u00e8l, Nom et version du navigateur utilis\u00e9, message<\/td>\n<td width=\"170\">12 mois \u00e0 compter du dernier \u00e9change<\/td>\n<\/tr>\n<tr>\n<td width=\"170\">Participation \u00e0 un appel \u00e0 candidatures<\/td>\n<td width=\"283\">Nom, pr\u00e9nom, civilit\u00e9, date de naissance, fonction, nationalit\u00e9, adresse m\u00e8l, villede r\u00e9sidence, pays de r\u00e9sidence, num\u00e9ro de t\u00e9l\u00e9phone, identifiant skype, comptes sur les r\u00e9seaux sociaux, formation initiale, exp\u00e9riences professionnelles, pr\u00e9sentation d\u2019un projet li\u00e9 \u00e0 la th\u00e9matique de l\u2019appel \u00e0 candidature, informations diverses demand\u00e9es dans le cadre de l\u2019appel \u00e0 candidatures.<\/td>\n<td width=\"170\">24 mois \u00e0 compter du dernier \u00e9change<\/td>\n<\/tr>\n<tr>\n<td width=\"170\">Soumission d\u2019une candidature suite \u00e0 une offre d\u2019emploi ou de stage<\/td>\n<td width=\"283\">Nom, pr\u00e9nom, adresse m\u00e8l, zone d\u2019expertise, m\u00e9dia d\u2019expertise, exp\u00e9riences, langues parl\u00e9es, sp\u00e9cialit\u00e9s, CV<\/td>\n<td width=\"170\">24 mois \u00e0 compter du dernier \u00e9change<\/td>\n<\/tr>\n<\/tbody>\n<\/table>\n<p>&nbsp;<\/p>\n<h4><b>7. Quels sont vos droits\u00a0?<\/b><\/h4>\n<p>CFI s\u2019engage \u00e0 respecter l\u2019exercice de l\u2019ensemble des droits des candidats de ses formations, prospects et internautes, en mati\u00e8re d\u2019acc\u00e8s, de rectification, d\u2019information compl\u00e9mentaire et d\u2019opposition. A compter du 25 mai 2018, les personnes concern\u00e9es disposent \u00e9galement des droits \u00e0 la limitation, \u00e0 la portabilit\u00e9 et \u00e0 l\u2019effacement (droit \u00e0 l\u2019oubli).<\/p>\n<p>CFI a d\u00e9sign\u00e9 un D\u00e9l\u00e9gu\u00e9 \u00e0 la Protection des Donn\u00e9es, qui est un interlocuteur privil\u00e9gi\u00e9 dans la protection des donn\u00e9es personnelles, tant au sein de CFI, que dans ses relations avec, d\u2019une part, la Commission Nationale de l\u2019Informatique et des Libert\u00e9s (CNIL) et d\u2019autre part, les personnes concern\u00e9es.<\/p>\n<p>Les personnes peuvent exercer leurs droits en adressant une demande accompagn\u00e9e d\u2019un justificatif d\u2019identit\u00e9\u00a0:<\/p>\n<ul>\n<li>Par courrier \u00e0 l\u2019adresse suivante\u00a0: CFI \u2013 Service Communication et outils num\u00e9riques \u2013 62 rue Camille Desmoulins \u2013 92130 Issy les Moulineaux &#8211; France<\/li>\n<li>Ou par un courriel \u00e0\u00a0:\u00a0<span id=\"cloakd5d9fd561326df0e9718271fdcb93165\"><a href=\"mailto:contact-dpd@cfi.fr\">contact-dpd@cfi.fr<\/a><\/span><\/li>\n<\/ul>\n<p>Lorsque votre demande de droit d\u2019acc\u00e8s, de rectification ou d\u2019opposition est relative aux donn\u00e9es collect\u00e9es par un partenaire de CFI, nous vous invitons \u00e0 vous rapprocher dudit partenaire, en sa qualit\u00e9 de responsable de traitement.<\/p>\n<p>Pour toute information sur la protection des donn\u00e9es personnelles, vous pouvez consulter le site de la Commission Informatique et Libert\u00e9 :\u00a0<a href=\"https:\/\/www.cnil.fr\/\" target=\"_blank\" rel=\"noopener noreferrer\">CNIL<\/a>.<\/p>\n<p>&nbsp;<\/p>\n<p>&nbsp;<\/p>\n<p>&nbsp;<\/p>\n","protected":false},"excerpt":{"rendered":"<p>Politique de protection des donn\u00e9es \u00e0 caract\u00e8re personnel CFI s\u2019engage, dans le cadre de ses activit\u00e9s et conform\u00e9ment \u00e0 la r\u00e9glementation applicable en France et en Europe, et notamment au R\u00e8glement Europ\u00e9en sur la Protection des Donn\u00e9es \u00e0 caract\u00e8re personnel, \u00e0 assurer la protection, la confidentialit\u00e9 et la s\u00e9curit\u00e9 des donn\u00e9es \u00e0 caract\u00e8re personnel de [&hellip;]<\/p>\n","protected":false},"author":4,"featured_media":0,"parent":0,"menu_order":0,"comment_status":"closed","ping_status":"closed","template":"","meta":{"_acf_changed":false,"_et_pb_use_builder":"","_et_pb_old_content":"","_et_gb_content_width":"","footnotes":""},"class_list":["post-32197","page","type-page","status-publish","hentry"],"acf":[],"yoast_head":"<!-- This site is optimized with the Yoast SEO plugin v25.0 - https:\/\/yoast.com\/wordpress\/plugins\/seo\/ -->\n<title>Politique de confidentialit\u00e9 - Plateforme d\u2019appel \u00e0 candidatures de CFI<\/title>\n<meta name=\"robots\" content=\"index, follow, max-snippet:-1, max-image-preview:large, max-video-preview:-1\" \/>\n<link rel=\"canonical\" href=\"https:\/\/dev6.ac.cfi.fr\/fr\/politique-de-confidentialite\/\" \/>\n<meta property=\"og:locale\" content=\"fr_FR\" \/>\n<meta property=\"og:type\" content=\"article\" \/>\n<meta property=\"og:title\" content=\"Politique de confidentialit\u00e9 - Plateforme d\u2019appel \u00e0 candidatures de CFI\" \/>\n<meta property=\"og:description\" content=\"Politique de protection des donn\u00e9es \u00e0 caract\u00e8re personnel CFI s\u2019engage, dans le cadre de ses activit\u00e9s et conform\u00e9ment \u00e0 la r\u00e9glementation applicable en France et en Europe, et notamment au R\u00e8glement Europ\u00e9en sur la Protection des Donn\u00e9es \u00e0 caract\u00e8re personnel, \u00e0 assurer la protection, la confidentialit\u00e9 et la s\u00e9curit\u00e9 des donn\u00e9es \u00e0 caract\u00e8re personnel de [&hellip;]\" \/>\n<meta property=\"og:url\" content=\"https:\/\/dev6.ac.cfi.fr\/fr\/politique-de-confidentialite\/\" \/>\n<meta property=\"og:site_name\" content=\"Plateforme d\u2019appel \u00e0 candidatures de CFI\" \/>\n<meta property=\"article:publisher\" content=\"https:\/\/www.facebook.com\/CFImedias\" \/>\n<meta property=\"article:modified_time\" content=\"2020-08-21T16:51:52+00:00\" \/>\n<meta name=\"twitter:card\" content=\"summary_large_image\" \/>\n<meta name=\"twitter:site\" content=\"@CFImedias\" \/>\n<meta name=\"twitter:label1\" content=\"Dur\u00e9e de lecture estim\u00e9e\" \/>\n\t<meta name=\"twitter:data1\" content=\"10 minutes\" \/>\n<script type=\"application\/ld+json\" class=\"yoast-schema-graph\">{\"@context\":\"https:\/\/schema.org\",\"@graph\":[{\"@type\":\"WebPage\",\"@id\":\"https:\/\/dev6.ac.cfi.fr\/fr\/politique-de-confidentialite\/\",\"url\":\"https:\/\/dev6.ac.cfi.fr\/fr\/politique-de-confidentialite\/\",\"name\":\"Politique de confidentialit\u00e9 - Plateforme d\u2019appel \u00e0 candidatures de CFI\",\"isPartOf\":{\"@id\":\"https:\/\/dev6.ac.cfi.fr\/fr\/#website\"},\"datePublished\":\"2020-05-05T09:52:32+00:00\",\"dateModified\":\"2020-08-21T16:51:52+00:00\",\"breadcrumb\":{\"@id\":\"https:\/\/dev6.ac.cfi.fr\/fr\/politique-de-confidentialite\/#breadcrumb\"},\"inLanguage\":\"fr-FR\",\"potentialAction\":[{\"@type\":\"ReadAction\",\"target\":[\"https:\/\/dev6.ac.cfi.fr\/fr\/politique-de-confidentialite\/\"]}]},{\"@type\":\"BreadcrumbList\",\"@id\":\"https:\/\/dev6.ac.cfi.fr\/fr\/politique-de-confidentialite\/#breadcrumb\",\"itemListElement\":[{\"@type\":\"ListItem\",\"position\":1,\"name\":\"Accueil\",\"item\":\"https:\/\/dev6.ac.cfi.fr\/fr\/\"},{\"@type\":\"ListItem\",\"position\":2,\"name\":\"Politique de confidentialit\u00e9\"}]},{\"@type\":\"WebSite\",\"@id\":\"https:\/\/dev6.ac.cfi.fr\/fr\/#website\",\"url\":\"https:\/\/dev6.ac.cfi.fr\/fr\/\",\"name\":\"Plateforme d\u2019appel \u00e0 candidatures de CFI\",\"description\":\"Plateforme d&#039;appel \u00e0 candidatures de CFI\",\"publisher\":{\"@id\":\"https:\/\/dev6.ac.cfi.fr\/fr\/#organization\"},\"potentialAction\":[{\"@type\":\"SearchAction\",\"target\":{\"@type\":\"EntryPoint\",\"urlTemplate\":\"https:\/\/dev6.ac.cfi.fr\/fr\/?s={search_term_string}\"},\"query-input\":{\"@type\":\"PropertyValueSpecification\",\"valueRequired\":true,\"valueName\":\"search_term_string\"}}],\"inLanguage\":\"fr-FR\"},{\"@type\":\"Organization\",\"@id\":\"https:\/\/dev6.ac.cfi.fr\/fr\/#organization\",\"name\":\"Appels \u00e0 candidatures de CFI\",\"url\":\"https:\/\/dev6.ac.cfi.fr\/fr\/\",\"logo\":{\"@type\":\"ImageObject\",\"inLanguage\":\"fr-FR\",\"@id\":\"https:\/\/dev6.ac.cfi.fr\/fr\/#\/schema\/logo\/image\/\",\"url\":\"https:\/\/ac.cfi.fr\/wp-content\/uploads\/2020\/02\/Logo_cfi_fr.png\",\"contentUrl\":\"https:\/\/ac.cfi.fr\/wp-content\/uploads\/2020\/02\/Logo_cfi_fr.png\",\"width\":222,\"height\":82,\"caption\":\"Appels \u00e0 candidatures de CFI\"},\"image\":{\"@id\":\"https:\/\/dev6.ac.cfi.fr\/fr\/#\/schema\/logo\/image\/\"},\"sameAs\":[\"https:\/\/www.facebook.com\/CFImedias\",\"https:\/\/x.com\/CFImedias\"]}]}<\/script>\n<!-- \/ Yoast SEO plugin. -->","yoast_head_json":{"title":"Politique de confidentialit\u00e9 - Plateforme d\u2019appel \u00e0 candidatures de CFI","robots":{"index":"index","follow":"follow","max-snippet":"max-snippet:-1","max-image-preview":"max-image-preview:large","max-video-preview":"max-video-preview:-1"},"canonical":"https:\/\/dev6.ac.cfi.fr\/fr\/politique-de-confidentialite\/","og_locale":"fr_FR","og_type":"article","og_title":"Politique de confidentialit\u00e9 - Plateforme d\u2019appel \u00e0 candidatures de CFI","og_description":"Politique de protection des donn\u00e9es \u00e0 caract\u00e8re personnel CFI s\u2019engage, dans le cadre de ses activit\u00e9s et conform\u00e9ment \u00e0 la r\u00e9glementation applicable en France et en Europe, et notamment au R\u00e8glement Europ\u00e9en sur la Protection des Donn\u00e9es \u00e0 caract\u00e8re personnel, \u00e0 assurer la protection, la confidentialit\u00e9 et la s\u00e9curit\u00e9 des donn\u00e9es \u00e0 caract\u00e8re personnel de [&hellip;]","og_url":"https:\/\/dev6.ac.cfi.fr\/fr\/politique-de-confidentialite\/","og_site_name":"Plateforme d\u2019appel \u00e0 candidatures de CFI","article_publisher":"https:\/\/www.facebook.com\/CFImedias","article_modified_time":"2020-08-21T16:51:52+00:00","twitter_card":"summary_large_image","twitter_site":"@CFImedias","twitter_misc":{"Dur\u00e9e de lecture estim\u00e9e":"10 minutes"},"schema":{"@context":"https:\/\/schema.org","@graph":[{"@type":"WebPage","@id":"https:\/\/dev6.ac.cfi.fr\/fr\/politique-de-confidentialite\/","url":"https:\/\/dev6.ac.cfi.fr\/fr\/politique-de-confidentialite\/","name":"Politique de confidentialit\u00e9 - Plateforme d\u2019appel \u00e0 candidatures de CFI","isPartOf":{"@id":"https:\/\/dev6.ac.cfi.fr\/fr\/#website"},"datePublished":"2020-05-05T09:52:32+00:00","dateModified":"2020-08-21T16:51:52+00:00","breadcrumb":{"@id":"https:\/\/dev6.ac.cfi.fr\/fr\/politique-de-confidentialite\/#breadcrumb"},"inLanguage":"fr-FR","potentialAction":[{"@type":"ReadAction","target":["https:\/\/dev6.ac.cfi.fr\/fr\/politique-de-confidentialite\/"]}]},{"@type":"BreadcrumbList","@id":"https:\/\/dev6.ac.cfi.fr\/fr\/politique-de-confidentialite\/#breadcrumb","itemListElement":[{"@type":"ListItem","position":1,"name":"Accueil","item":"https:\/\/dev6.ac.cfi.fr\/fr\/"},{"@type":"ListItem","position":2,"name":"Politique de confidentialit\u00e9"}]},{"@type":"WebSite","@id":"https:\/\/dev6.ac.cfi.fr\/fr\/#website","url":"https:\/\/dev6.ac.cfi.fr\/fr\/","name":"Plateforme d\u2019appel \u00e0 candidatures de CFI","description":"Plateforme d&#039;appel \u00e0 candidatures de CFI","publisher":{"@id":"https:\/\/dev6.ac.cfi.fr\/fr\/#organization"},"potentialAction":[{"@type":"SearchAction","target":{"@type":"EntryPoint","urlTemplate":"https:\/\/dev6.ac.cfi.fr\/fr\/?s={search_term_string}"},"query-input":{"@type":"PropertyValueSpecification","valueRequired":true,"valueName":"search_term_string"}}],"inLanguage":"fr-FR"},{"@type":"Organization","@id":"https:\/\/dev6.ac.cfi.fr\/fr\/#organization","name":"Appels \u00e0 candidatures de CFI","url":"https:\/\/dev6.ac.cfi.fr\/fr\/","logo":{"@type":"ImageObject","inLanguage":"fr-FR","@id":"https:\/\/dev6.ac.cfi.fr\/fr\/#\/schema\/logo\/image\/","url":"https:\/\/ac.cfi.fr\/wp-content\/uploads\/2020\/02\/Logo_cfi_fr.png","contentUrl":"https:\/\/ac.cfi.fr\/wp-content\/uploads\/2020\/02\/Logo_cfi_fr.png","width":222,"height":82,"caption":"Appels \u00e0 candidatures de CFI"},"image":{"@id":"https:\/\/dev6.ac.cfi.fr\/fr\/#\/schema\/logo\/image\/"},"sameAs":["https:\/\/www.facebook.com\/CFImedias","https:\/\/x.com\/CFImedias"]}]}},"_links":{"self":[{"href":"https:\/\/dev6.ac.cfi.fr\/fr\/wp-json\/wp\/v2\/pages\/32197","targetHints":{"allow":["GET"]}}],"collection":[{"href":"https:\/\/dev6.ac.cfi.fr\/fr\/wp-json\/wp\/v2\/pages"}],"about":[{"href":"https:\/\/dev6.ac.cfi.fr\/fr\/wp-json\/wp\/v2\/types\/page"}],"author":[{"embeddable":true,"href":"https:\/\/dev6.ac.cfi.fr\/fr\/wp-json\/wp\/v2\/users\/4"}],"replies":[{"embeddable":true,"href":"https:\/\/dev6.ac.cfi.fr\/fr\/wp-json\/wp\/v2\/comments?post=32197"}],"version-history":[{"count":7,"href":"https:\/\/dev6.ac.cfi.fr\/fr\/wp-json\/wp\/v2\/pages\/32197\/revisions"}],"predecessor-version":[{"id":52743,"href":"https:\/\/dev6.ac.cfi.fr\/fr\/wp-json\/wp\/v2\/pages\/32197\/revisions\/52743"}],"wp:attachment":[{"href":"https:\/\/dev6.ac.cfi.fr\/fr\/wp-json\/wp\/v2\/media?parent=32197"}],"curies":[{"name":"wp","href":"https:\/\/api.w.org\/{rel}","templated":true}]}}